{"id":120,"date":"2016-03-28T14:34:01","date_gmt":"2016-03-28T12:34:01","guid":{"rendered":"http:\/\/breuer.selfhost.de\/wordpress\/?page_id=120"},"modified":"2024-01-26T11:09:34","modified_gmt":"2024-01-26T09:09:34","slug":"baunummer-9","status":"publish","type":"page","link":"http:\/\/www.delphin-66.de\/wordpress\/delphine\/baunummer-9\/","title":{"rendered":"Baunummer 9 &#8211; Hanna"},"content":{"rendered":"<div id=\"pl-120\"  class=\"panel-layout\" ><div id=\"pg-120-0\"  class=\"panel-grid panel-no-style\" ><div id=\"pgc-120-0-0\"  class=\"panel-grid-cell\" ><div id=\"panel-120-0-0-0\" class=\"so-panel widget widget_sow-editor panel-first-child panel-last-child\" data-index=\"0\" ><div\n\t\t\t\n\t\t\tclass=\"so-widget-sow-editor so-widget-sow-editor-base\"\n\t\t\t\n\t\t>\n<div class=\"siteorigin-widget-tinymce textwidget\">\n\t<table style=\"border-color: #545454; background-color: #b0b0b0; width: 990px; height: 241px;\">\n<tbody>\n<tr style=\"height: 27px;\">\n<td style=\"width: 159.9px; text-align: right; height: 27px;\"><strong>Baujahr:<\/strong><\/td>\n<td style=\"width: 223.633px; height: 27px;\">1971<\/td>\n<td style=\"width: 576.467px; height: 27px;\"><strong>Besonderheiten:<\/strong><\/td>\n<\/tr>\n<tr style=\"height: 27px;\">\n<td style=\"width: 159.9px; text-align: right; height: 27px;\"><strong>Bauwerft:<\/strong><\/td>\n<td style=\"width: 223.633px; height: 27px;\">Sparr<\/td>\n<td style=\"width: 576.467px; height: 135.4px; text-align: justify; vertical-align: top;\" rowspan=\"6\">\u00a0<\/td>\n<\/tr>\n<tr style=\"height: 27.4px;\">\n<td style=\"width: 159.9px; text-align: right; height: 27.4px;\"><strong>Liegeplatz:<\/strong><\/td>\n<td style=\"width: 223.633px; height: 27.4px;\">Elmshorn\/Marina Minde<\/td>\n<\/tr>\n<tr style=\"height: 27px;\">\n<td style=\"width: 159.9px; text-align: right; height: 27px;\"><strong>Verein:<\/strong><\/td>\n<td style=\"width: 223.633px; height: 27px;\">SVE Elmshorn<\/td>\n<\/tr>\n<tr style=\"height: 27px;\">\n<td style=\"width: 159.9px; text-align: right; height: 27px;\"><strong>Rigg:<\/strong><\/td>\n<td style=\"width: 223.633px; height: 27px;\">Alu, gold-eloxiert<\/td>\n<\/tr>\n<tr style=\"height: 27px;\">\n<td style=\"width: 159.9px; text-align: right; height: 27px;\"><strong>Motor:<\/strong><\/td>\n<td style=\"width: 223.633px; height: 27px;\">Yanmar, 3GM, Zweikreis-K\u00fchlung<\/td>\n<\/tr>\n<tr style=\"height: 27px;\">\n<td style=\"width: 159.9px; text-align: right; height: 27px;\"><strong>Ruderanlage:<\/strong><\/td>\n<td style=\"width: 223.633px; height: 27px;\">Alternativanlage<\/td>\n<\/tr>\n<\/tbody>\n<\/table>\n<p>\u00a0<\/p>\n<\/div>\n<\/div><\/div><\/div><\/div><div id=\"pg-120-1\"  class=\"panel-grid panel-no-style\" ><div id=\"pgc-120-1-0\"  class=\"panel-grid-cell\" ><div id=\"panel-120-1-0-0\" class=\"so-panel widget widget_sow-editor panel-first-child panel-last-child\" data-index=\"1\" ><div\n\t\t\t\n\t\t\tclass=\"so-widget-sow-editor so-widget-sow-editor-base\"\n\t\t\t\n\t\t>\n<div class=\"siteorigin-widget-tinymce textwidget\">\n\t<p style=\"text-align: justify;\">Wir haben unsere Hanna 2014 im Grunde als Bausatz \u00fcbernommen. Der Voreigner, ein sehr netter Vereinskamerad, hatte seiner Zeit bereits mit einer Art Refit angefangen. Viele Teile, wie Bugkorb, Beschl\u00e4ge, Backskistendeckel uvm. waren demontiert, die meisten Holzteile waren komplett abgezogen, das \u00dcberwasserschiff abgeschliffen.<a href=\"http:\/\/breuer.selfhost.de\/wordpress\/wp-content\/uploads\/IMG_3628-e1468989413370.jpg\"><img loading=\"lazy\" class=\"alignright wp-image-312 size-medium\" title=\"Hanna als Bausatz\" src=\"http:\/\/breuer.selfhost.de\/wordpress\/wp-content\/uploads\/IMG_3628-e1468989413370-300x224.jpg\" alt=\"IMG_3628\" width=\"300\" height=\"224\" srcset=\"http:\/\/www.delphin-66.de\/wordpress\/wp-content\/uploads\/IMG_3628-e1468989413370-300x224.jpg 300w, http:\/\/www.delphin-66.de\/wordpress\/wp-content\/uploads\/IMG_3628-e1468989413370-800x598.jpg 800w, http:\/\/www.delphin-66.de\/wordpress\/wp-content\/uploads\/IMG_3628-e1468989413370-402x300.jpg 402w, http:\/\/www.delphin-66.de\/wordpress\/wp-content\/uploads\/IMG_3628-e1468989413370.jpg 1000w\" sizes=\"(max-width: 300px) 100vw, 300px\" \/><\/a><\/p>\n<p style=\"text-align: justify;\">Auf Grund einer schweren Erkrankung konnte er die Arbeiten nicht mehr zu Ende f\u00fchren. Leider haben wir anfangs kaum Bilder vom Ursprungszustand der Hanna gemacht.<\/p>\n<p style=\"text-align: justify;\"><a href=\"http:\/\/breuer.selfhost.de\/wordpress\/wp-content\/uploads\/ENGINEER-SCHARNIER-002.jpg\"><img loading=\"lazy\" class=\"alignleft wp-image-294 size-medium\" src=\"http:\/\/breuer.selfhost.de\/wordpress\/wp-content\/uploads\/ENGINEER-SCHARNIER-002-212x300.jpg\" sizes=\"(max-width: 212px) 100vw, 212px\" srcset=\"http:\/\/breuer.selfhost.de\/wordpress\/wp-content\/uploads\/ENGINEER-SCHARNIER-002-212x300.jpg 212w, http:\/\/breuer.selfhost.de\/wordpress\/wp-content\/uploads\/ENGINEER-SCHARNIER-002.jpg 594w\" alt=\"ENGINEER - SCHARNIER-002\" width=\"212\" height=\"300\" \/><\/a>Viele der demontierten Teile waren leider nicht mehr auffindbar, so dass wir sie neu beschaffen, oder besser gesagt, selbst anfertigen mussten.<\/p>\n<p style=\"text-align: justify;\">Im Laufe unserer Refitma\u00dfnahmen entstanden unz\u00e4hlige Skizzen und Konstruktionszeichnungen, wie z. B. von den T\u00fcrbeschl\u00e4gen f\u00fcr den Niedergang.<\/p>\n<p style=\"text-align: justify;\"><a href=\"http:\/\/breuer.selfhost.de\/wordpress\/wp-content\/uploads\/IMG_3775-e1468989439537.jpg\"><img loading=\"lazy\" class=\"alignright wp-image-295 size-medium\" src=\"http:\/\/breuer.selfhost.de\/wordpress\/wp-content\/uploads\/IMG_3775-224x300.jpg\" sizes=\"(max-width: 224px) 100vw, 224px\" srcset=\"http:\/\/breuer.selfhost.de\/wordpress\/wp-content\/uploads\/IMG_3775-224x300.jpg 224w, http:\/\/breuer.selfhost.de\/wordpress\/wp-content\/uploads\/IMG_3775-765x1024.jpg 765w\" alt=\"IMG_3775\" width=\"224\" height=\"300\" \/><\/a>\u00dcber dem Kartentisch entsteht ein H\u00e4nge-Rack f\u00fcr Funkger\u00e4t, Radio, Kartenplotter sowie einen Antennensplitter und sp\u00e4ter kam noch eine Anzeige f\u00fcr die Au\u00dfentemperatur hinzu. F\u00fcr die Seitenw\u00e4nde des H\u00e4nge-Racks haben wir zun\u00e4chst die Kontur bzw. den Kurvenverlauf der Decke abgenommen.<\/p>\n<p style=\"text-align: justify;\"><a href=\"http:\/\/www.delphin-66.de\/wordpress\/wp-content\/uploads\/IMG_3781-e1468989455743.jpg\"><img loading=\"lazy\" class=\"alignleft wp-image-296 size-medium\" src=\"http:\/\/www.delphin-66.de\/wordpress\/wp-content\/uploads\/IMG_3781-e1468989455743-224x300.jpg\" alt=\"IMG_3781\" width=\"224\" height=\"300\" srcset=\"http:\/\/www.delphin-66.de\/wordpress\/wp-content\/uploads\/IMG_3781-e1468989455743-224x300.jpg 224w, http:\/\/www.delphin-66.de\/wordpress\/wp-content\/uploads\/IMG_3781-e1468989455743.jpg 500w\" sizes=\"(max-width: 224px) 100vw, 224px\" \/><\/a><\/p>\n<p style=\"text-align: justify;\">Dann haben wir ein Pappmodell erstellt. Danach haben wir das eigentliche H\u00e4nge-Rack angefertigt.<\/p>\n<p>&nbsp;<\/p>\n<p>&nbsp;<\/p>\n<p>&nbsp;<\/p>\n<p>&nbsp;<\/p>\n<p>Fertig sieht das Ganze dann so aus:<\/p>\n<p><img loading=\"lazy\" class=\"size-medium wp-image-3563 alignleft\" src=\"http:\/\/www.delphin-66.de\/wordpress\/wp-content\/uploads\/IMG-20190105-WA0001-300x225.jpg\" alt=\"\" width=\"300\" height=\"225\" srcset=\"http:\/\/www.delphin-66.de\/wordpress\/wp-content\/uploads\/IMG-20190105-WA0001-300x225.jpg 300w, http:\/\/www.delphin-66.de\/wordpress\/wp-content\/uploads\/IMG-20190105-WA0001-401x300.jpg 401w, http:\/\/www.delphin-66.de\/wordpress\/wp-content\/uploads\/IMG-20190105-WA0001.jpg 769w\" sizes=\"(max-width: 300px) 100vw, 300px\" \/><\/p>\n<p>&nbsp;<\/p>\n<p>&nbsp;<\/p>\n<p>&nbsp;<\/p>\n<p>&nbsp;<\/p>\n<p>&nbsp;<\/p>\n<p>&nbsp;<\/p>\n<p style=\"text-align: justify;\">F\u00fcr Gem\u00fctlichkeit und zum Zwecke sparsamer Lichtquellen, haben wir LED-Leisten nachger\u00fcstet. Die alten Lampen haben wir nat\u00fcrlich gelassen.<\/p>\n<p style=\"text-align: justify;\"><a href=\"http:\/\/breuer.selfhost.de\/wordpress\/wp-content\/uploads\/DSC_0021-e1468989506467.jpg\"><img loading=\"lazy\" class=\"alignright wp-image-302 size-medium\" src=\"http:\/\/breuer.selfhost.de\/wordpress\/wp-content\/uploads\/DSC_0021-e1468989506467-300x199.jpg\" alt=\"DSC_0021\" width=\"300\" height=\"199\" srcset=\"http:\/\/www.delphin-66.de\/wordpress\/wp-content\/uploads\/DSC_0021-e1468989506467-300x199.jpg 300w, http:\/\/www.delphin-66.de\/wordpress\/wp-content\/uploads\/DSC_0021-e1468989506467-453x300.jpg 453w, http:\/\/www.delphin-66.de\/wordpress\/wp-content\/uploads\/DSC_0021-e1468989506467.jpg 500w\" sizes=\"(max-width: 300px) 100vw, 300px\" \/><\/a>In das bereits vorhandene Fach im K\u00fcchenblock haben wir eine K\u00fchlbox als Top-Lader nachger\u00fcstet. Die Isolierung besteht aus Hartschaum (50 mm) mit aufgeklebtem Aluminiumblech. Um nicht den gesamten K\u00fcchenblock demontieren zu m\u00fcssen (das w\u00e4re sicher nicht zerst\u00f6rungsfrei vonstatten gegangen!), mussten wir die einzelnen Isolierplatten so formatieren, dass wir sie durch die vorhandene \u00d6ffnung bekommen. Die gesamte Isolierung haben wir zu Simulationszwecken in 3D-CAD modelliert.<\/p>\n<p style=\"text-align: justify;\"><a href=\"http:\/\/breuer.selfhost.de\/wordpress\/wp-content\/uploads\/WINKEL-003.jpg\"><img loading=\"lazy\" class=\"alignleft wp-image-311 size-medium\" src=\"http:\/\/breuer.selfhost.de\/wordpress\/wp-content\/uploads\/WINKEL-003-300x212.jpg\" sizes=\"(max-width: 300px) 100vw, 300px\" srcset=\"http:\/\/breuer.selfhost.de\/wordpress\/wp-content\/uploads\/WINKEL-003-300x212.jpg 300w, http:\/\/breuer.selfhost.de\/wordpress\/wp-content\/uploads\/WINKEL-003-1024x724.jpg 1024w, http:\/\/breuer.selfhost.de\/wordpress\/wp-content\/uploads\/WINKEL-003-424x300.jpg 424w, http:\/\/breuer.selfhost.de\/wordpress\/wp-content\/uploads\/WINKEL-003.jpg 1190w\" alt=\"WINKEL-003\" width=\"300\" height=\"212\" \/><\/a>Das K\u00fchlaggregat befindet sich in der Backskiste an Backbord. Zur Lagerung haben wir zwei Halter angefertigt.<\/p>\n<p style=\"text-align: justify;\">\u00a0<a href=\"http:\/\/breuer.selfhost.de\/wordpress\/wp-content\/uploads\/WASCHTISCHPLATTE-001-01.jpg\"><img loading=\"lazy\" class=\"alignright wp-image-310 size-medium\" src=\"http:\/\/breuer.selfhost.de\/wordpress\/wp-content\/uploads\/WASCHTISCHPLATTE-001-01-300x212.jpg\" sizes=\"(max-width: 300px) 100vw, 300px\" srcset=\"http:\/\/breuer.selfhost.de\/wordpress\/wp-content\/uploads\/WASCHTISCHPLATTE-001-01-300x212.jpg 300w, http:\/\/breuer.selfhost.de\/wordpress\/wp-content\/uploads\/WASCHTISCHPLATTE-001-01-1024x724.jpg 1024w, http:\/\/breuer.selfhost.de\/wordpress\/wp-content\/uploads\/WASCHTISCHPLATTE-001-01-424x300.jpg 424w, http:\/\/breuer.selfhost.de\/wordpress\/wp-content\/uploads\/WASCHTISCHPLATTE-001-01.jpg 1190w\" alt=\"WASCHTISCHPLATTE-001-01\" width=\"300\" height=\"212\" \/><\/a>Im \"Bad\" haben wir eine neue Toilette eingebaut\u00a0sowie einen Waschtisch. Diesen haben wir\u00a0zun\u00e4chst gezeichnet ...<\/p>\n<p><a href=\"http:\/\/breuer.selfhost.de\/wordpress\/wp-content\/uploads\/DSC_0006-e1468989532600.jpg\"><img loading=\"lazy\" class=\"alignright wp-image-300 size-medium\" src=\"http:\/\/breuer.selfhost.de\/wordpress\/wp-content\/uploads\/DSC_0006-e1468989532600-199x300.jpg\" alt=\"DSC_0006\" width=\"199\" height=\"300\" srcset=\"http:\/\/www.delphin-66.de\/wordpress\/wp-content\/uploads\/DSC_0006-e1468989532600-199x300.jpg 199w, http:\/\/www.delphin-66.de\/wordpress\/wp-content\/uploads\/DSC_0006-e1468989532600.jpg 500w\" sizes=\"(max-width: 199px) 100vw, 199px\" \/><\/a>und danach aus Mahagoni angefertigt.<\/p>\n<p style=\"text-align: justify;\"><a href=\"http:\/\/breuer.selfhost.de\/wordpress\/wp-content\/uploads\/DSC_0008-e1468989553742.jpg\"><img loading=\"lazy\" class=\"alignleft wp-image-301 size-medium\" src=\"http:\/\/breuer.selfhost.de\/wordpress\/wp-content\/uploads\/DSC_0008-e1468989553742-300x199.jpg\" alt=\"DSC_0008\" width=\"300\" height=\"199\" srcset=\"http:\/\/www.delphin-66.de\/wordpress\/wp-content\/uploads\/DSC_0008-e1468989553742-300x199.jpg 300w, http:\/\/www.delphin-66.de\/wordpress\/wp-content\/uploads\/DSC_0008-e1468989553742-453x300.jpg 453w, http:\/\/www.delphin-66.de\/wordpress\/wp-content\/uploads\/DSC_0008-e1468989553742.jpg 500w\" sizes=\"(max-width: 300px) 100vw, 300px\" \/><\/a>Mit einem Drei-Wege-Kugelhahn haben wir die M\u00f6glichkeit geschaffen, die Seetoilette auch mit Frischwasser aus dem Waschbecken zu sp\u00fclen. Sehr n\u00fctzlich beim Ankern in brackigen Gew\u00e4ssern<\/p>\n<p style=\"text-align: justify;\"><a href=\"http:\/\/breuer.selfhost.de\/wordpress\/wp-content\/uploads\/Skizze-Frischwassernetz-Hanna.jpg\"><img loading=\"lazy\" class=\"alignleft wp-image-309 size-medium\" src=\"http:\/\/breuer.selfhost.de\/wordpress\/wp-content\/uploads\/Skizze-Frischwassernetz-Hanna-212x300.jpg\" sizes=\"(max-width: 212px) 100vw, 212px\" srcset=\"http:\/\/breuer.selfhost.de\/wordpress\/wp-content\/uploads\/Skizze-Frischwassernetz-Hanna-212x300.jpg 212w, http:\/\/breuer.selfhost.de\/wordpress\/wp-content\/uploads\/Skizze-Frischwassernetz-Hanna.jpg 594w\" alt=\"Skizze Frischwassernetz Hanna\" width=\"212\" height=\"300\" \/><\/a>Das Frischwassernetz haben wir erweitert und neben der vorhandenen Fu\u00dfpumpe eine elektrische Doppel-Membranpumpe nachger\u00fcstet. Sie speist das neu eingebaute Waschbecken im Bad. Somit haben wir unsere Wasserversorgung redundant sowie diversit\u00e4r ausgef\u00fchrt. Falls also die Elektrik versagt, haben wir noch die Fu\u00dfpumpe, die keine Stromversorgung ben\u00f6tigt.<\/p>\n<p style=\"text-align: justify;\"><a href=\"http:\/\/breuer.selfhost.de\/wordpress\/wp-content\/uploads\/20151124_055418.jpg\"><img loading=\"lazy\" class=\"alignright wp-image-125\" src=\"http:\/\/breuer.selfhost.de\/wordpress\/wp-content\/uploads\/20151124_055418-300x169.jpg\" alt=\"20151124_055418\" width=\"379\" height=\"220\" \/><\/a>In der vergangenen Winterlagersaison haben wir eine neue Abdeckung f\u00fcr das Armaturenbrett angefertigt.<\/p>\n<p><a href=\"http:\/\/breuer.selfhost.de\/wordpress\/wp-content\/uploads\/20151117_170315-e1459168810798.jpg\"><img loading=\"lazy\" class=\"alignleft wp-image-124 size-medium\" src=\"http:\/\/breuer.selfhost.de\/wordpress\/wp-content\/uploads\/20151117_170315-e1459168810798-169x300.jpg\" sizes=\"(max-width: 169px) 100vw, 169px\" srcset=\"http:\/\/breuer.selfhost.de\/wordpress\/wp-content\/uploads\/20151117_170315-e1459168810798-169x300.jpg 169w, http:\/\/breuer.selfhost.de\/wordpress\/wp-content\/uploads\/20151117_170315-e1459168810798-576x1024.jpg 576w\" alt=\"20151117_170315\" width=\"169\" height=\"300\" \/><\/a>Im Zuge des Umbaus des Vorschiffs vor ein paar Wochen mussten wir ein neues Brett mit Teakholzleiste anfertigen.<\/p>\n<p style=\"text-align: justify;\"><a href=\"http:\/\/breuer.selfhost.de\/wordpress\/wp-content\/uploads\/DSC_0190.jpg\"><img loading=\"lazy\" class=\"alignright wp-image-75 size-medium\" src=\"http:\/\/breuer.selfhost.de\/wordpress\/wp-content\/uploads\/DSC_0190-199x300.jpg\" sizes=\"(max-width: 199px) 100vw, 199px\" srcset=\"http:\/\/breuer.selfhost.de\/wordpress\/wp-content\/uploads\/DSC_0190-199x300.jpg 199w, http:\/\/breuer.selfhost.de\/wordpress\/wp-content\/uploads\/DSC_0190-678x1024.jpg 678w\" alt=\"DSC_0190\" width=\"199\" height=\"300\" \/><\/a>Hier ist unsere \"Hanna\" in der Saison 2015 nach 1,5-jahre andauerndem Refit endlich wieder auf im Wasser.<\/p>\n<p style=\"text-align: justify;\"><a href=\"http:\/\/breuer.selfhost.de\/wordpress\/wp-content\/uploads\/Pro_ENGINEER-WINSCHKURBEL-ASM-001-01.jpg\"><img loading=\"lazy\" class=\"alignleft wp-image-307 size-medium\" src=\"http:\/\/breuer.selfhost.de\/wordpress\/wp-content\/uploads\/Pro_ENGINEER-WINSCHKURBEL-ASM-001-01-300x212.jpg\" alt=\"Pro_ENGINEER - WINSCHKURBEL-ASM-001-01\" width=\"300\" height=\"212\" \/><\/a>Unsere Kurbeln f\u00fcr die Winschen am Mast sind teilweise gebrochen. Auf Dauer m\u00fcssen wir neue haben. Auf dem Gebrauctmarkt sieht es schlecht aus - neue sind nicht zu beschaffen. Daher: Selber machen!<\/p>\n<\/div>\n<\/div><\/div><\/div><div id=\"pgc-120-1-1\"  class=\"panel-grid-cell\" ><div id=\"panel-120-1-1-0\" class=\"so-panel widget widget_rpwe_widget rpwe_widget recent-posts-extended panel-first-child\" data-index=\"2\" ><h3 class=\"widget-title\">Recent Posts<\/h3><div  class=\"rpwe-block\"><ul class=\"rpwe-ul\"><li class=\"rpwe-li rpwe-clearfix\"><a class=\"rpwe-img\" href=\"http:\/\/www.delphin-66.de\/wordpress\/erste-ankernacht-eis-an-deck\/\" target=\"_self\"><img class=\"rpwe-alignleft rpwe-thumb\" src=\"http:\/\/www.delphin-66.de\/wordpress\/wp-content\/uploads\/20260407_195546-e1775727942751-45x45.jpg\" alt=\"Erste Ankernacht &#8211; Eis an Deck\" height=\"45\" width=\"45\" loading=\"lazy\" decoding=\"async\"><\/a><h3 class=\"rpwe-title\"><a href=\"http:\/\/www.delphin-66.de\/wordpress\/erste-ankernacht-eis-an-deck\/\" target=\"_self\">Erste Ankernacht &#8211; Eis an Deck<\/a><\/h3><time class=\"rpwe-time published\" datetime=\"2026-04-09T12:01:57+02:00\">9. April 2026<\/time><\/li><li class=\"rpwe-li rpwe-clearfix\"><a class=\"rpwe-img\" href=\"http:\/\/www.delphin-66.de\/wordpress\/krantermin-30-maerz-2026\/\" target=\"_self\"><img class=\"rpwe-alignleft rpwe-thumb\" src=\"http:\/\/www.delphin-66.de\/wordpress\/wp-content\/uploads\/20260329_101858-e1774953272716-45x45.jpg\" alt=\"Krantermin &#8211; 30. M\u00e4rz 2026\" height=\"45\" width=\"45\" loading=\"lazy\" decoding=\"async\"><\/a><h3 class=\"rpwe-title\"><a href=\"http:\/\/www.delphin-66.de\/wordpress\/krantermin-30-maerz-2026\/\" target=\"_self\">Krantermin &#8211; 30. M\u00e4rz 2026<\/a><\/h3><time class=\"rpwe-time published\" datetime=\"2026-04-01T08:06:59+02:00\">1. April 2026<\/time><\/li><li class=\"rpwe-li rpwe-clearfix\"><a class=\"rpwe-img\" href=\"http:\/\/www.delphin-66.de\/wordpress\/unser-treffen-der-delphin-66-liebhaber-februar-2026\/\" target=\"_self\"><img class=\"rpwe-alignleft rpwe-thumb\" src=\"http:\/\/www.delphin-66.de\/wordpress\/wp-content\/uploads\/20260215_161058-e1771270132299-45x45.jpg\" alt=\"Unser Treffen der Delphin-66-Liebhaber &#8211; Februar 2026\" height=\"45\" width=\"45\" loading=\"lazy\" decoding=\"async\"><\/a><h3 class=\"rpwe-title\"><a href=\"http:\/\/www.delphin-66.de\/wordpress\/unser-treffen-der-delphin-66-liebhaber-februar-2026\/\" target=\"_self\">Unser Treffen der Delphin-66-Liebhaber &#8211; Februar 2026<\/a><\/h3><time class=\"rpwe-time published\" datetime=\"2026-02-16T21:43:10+02:00\">16. Februar 2026<\/time><\/li><li class=\"rpwe-li rpwe-clearfix\"><a class=\"rpwe-img\" href=\"http:\/\/www.delphin-66.de\/wordpress\/delphin-liebhaber-wir-treffen-uns-wieder-am-15-februar-2026\/\" target=\"_self\"><img class=\"rpwe-alignleft rpwe-thumb\" src=\"http:\/\/www.delphin-66.de\/wordpress\/wp-content\/uploads\/20240128_101548-e1706882201409-45x45.jpg\" alt=\"Delphin-Liebhaber: Wir treffen uns wieder am 15. Februar 2026!\" height=\"45\" width=\"45\" loading=\"lazy\" decoding=\"async\"><\/a><h3 class=\"rpwe-title\"><a href=\"http:\/\/www.delphin-66.de\/wordpress\/delphin-liebhaber-wir-treffen-uns-wieder-am-15-februar-2026\/\" target=\"_self\">Delphin-Liebhaber: Wir treffen uns wieder am 15. Februar 2026!<\/a><\/h3><time class=\"rpwe-time published\" datetime=\"2026-01-18T20:31:55+02:00\">18. Januar 2026<\/time><\/li><li class=\"rpwe-li rpwe-clearfix\"><a class=\"rpwe-img\" href=\"http:\/\/www.delphin-66.de\/wordpress\/harmonie-baunummer-8-zu-kaufen-2\/\" target=\"_self\"><img class=\"rpwe-alignleft rpwe-thumb\" src=\"http:\/\/www.delphin-66.de\/wordpress\/wp-content\/uploads\/ima_3317e5f2-e1765698673157-45x45.jpg\" alt=\"&#8222;Winnetou&#8220; &#8211; Baunummer 40  steht zum Verkauf!\" height=\"45\" width=\"45\" loading=\"lazy\" decoding=\"async\"><\/a><h3 class=\"rpwe-title\"><a href=\"http:\/\/www.delphin-66.de\/wordpress\/harmonie-baunummer-8-zu-kaufen-2\/\" target=\"_self\">&#8222;Winnetou&#8220; &#8211; Baunummer 40  steht zum Verkauf!<\/a><\/h3><time class=\"rpwe-time published\" datetime=\"2025-12-14T10:05:05+02:00\">14. Dezember 2025<\/time><\/li><\/ul><\/div><!-- Generated by http:\/\/wordpress.org\/plugins\/recent-posts-widget-extended\/ --><\/div><div id=\"panel-120-1-1-1\" class=\"so-panel widget widget_sow-editor panel-last-child\" data-index=\"3\" ><div class=\"panel-widget-style panel-widget-style-for-120-1-1-1\" ><div\n\t\t\t\n\t\t\tclass=\"so-widget-sow-editor so-widget-sow-editor-base\"\n\t\t\t\n\t\t>\n<div class=\"siteorigin-widget-tinymce textwidget\">\n\t<p style=\"text-align: center;\"><strong>Hier noch ein paar Bilder von der Hanna:<\/strong><\/p>\n<p><div id=\"attachment_929\" style=\"width: 310px\" class=\"wp-caption aligncenter\"><a href=\"http:\/\/breuer.selfhost.de\/wordpress\/wp-content\/uploads\/20160801_200140.jpg\"><img aria-describedby=\"caption-attachment-929\" loading=\"lazy\" class=\"wp-image-929 size-medium\" src=\"http:\/\/breuer.selfhost.de\/wordpress\/wp-content\/uploads\/20160801_200140-300x169.jpg\" alt=\"20160801_200140\" width=\"300\" height=\"169\" srcset=\"http:\/\/www.delphin-66.de\/wordpress\/wp-content\/uploads\/20160801_200140-300x169.jpg 300w, http:\/\/www.delphin-66.de\/wordpress\/wp-content\/uploads\/20160801_200140-800x450.jpg 800w, http:\/\/www.delphin-66.de\/wordpress\/wp-content\/uploads\/20160801_200140-500x281.jpg 500w, http:\/\/www.delphin-66.de\/wordpress\/wp-content\/uploads\/20160801_200140.jpg 1024w\" sizes=\"(max-width: 300px) 100vw, 300px\" \/><\/a><p id=\"caption-attachment-929\" class=\"wp-caption-text\">Im Zentrum von Kopenhagen (Aug. 2016)<\/p><\/div><div id=\"attachment_931\" style=\"width: 310px\" class=\"wp-caption aligncenter\"><a href=\"http:\/\/breuer.selfhost.de\/wordpress\/wp-content\/uploads\/DSC_0184-2.jpg\"><img aria-describedby=\"caption-attachment-931\" loading=\"lazy\" class=\"wp-image-931 size-medium\" src=\"http:\/\/breuer.selfhost.de\/wordpress\/wp-content\/uploads\/DSC_0184-2-300x199.jpg\" alt=\"DSC_0184 (2)\" width=\"300\" height=\"199\" srcset=\"http:\/\/www.delphin-66.de\/wordpress\/wp-content\/uploads\/DSC_0184-2-300x199.jpg 300w, http:\/\/www.delphin-66.de\/wordpress\/wp-content\/uploads\/DSC_0184-2-800x530.jpg 800w, http:\/\/www.delphin-66.de\/wordpress\/wp-content\/uploads\/DSC_0184-2-453x300.jpg 453w, http:\/\/www.delphin-66.de\/wordpress\/wp-content\/uploads\/DSC_0184-2.jpg 1024w\" sizes=\"(max-width: 300px) 100vw, 300px\" \/><\/a><p id=\"caption-attachment-931\" class=\"wp-caption-text\">Ankern vor Fem\u00f8 (Aug. 2016)<\/p><\/div><div id=\"attachment_930\" style=\"width: 310px\" class=\"wp-caption aligncenter\"><a href=\"http:\/\/breuer.selfhost.de\/wordpress\/wp-content\/uploads\/20160803_112615.jpg\"><img aria-describedby=\"caption-attachment-930\" loading=\"lazy\" class=\"wp-image-930 size-medium\" src=\"http:\/\/breuer.selfhost.de\/wordpress\/wp-content\/uploads\/20160803_112615-300x169.jpg\" alt=\"20160803_112615\" width=\"300\" height=\"169\" srcset=\"http:\/\/www.delphin-66.de\/wordpress\/wp-content\/uploads\/20160803_112615-300x169.jpg 300w, http:\/\/www.delphin-66.de\/wordpress\/wp-content\/uploads\/20160803_112615-800x450.jpg 800w, http:\/\/www.delphin-66.de\/wordpress\/wp-content\/uploads\/20160803_112615-500x281.jpg 500w, http:\/\/www.delphin-66.de\/wordpress\/wp-content\/uploads\/20160803_112615.jpg 1024w\" sizes=\"(max-width: 300px) 100vw, 300px\" \/><\/a><p id=\"caption-attachment-930\" class=\"wp-caption-text\">Zwischenstopp in Drag\u00f8r (Aug. 2016)<\/p><\/div><div id=\"attachment_932\" style=\"width: 310px\" class=\"wp-caption aligncenter\"><a href=\"http:\/\/breuer.selfhost.de\/wordpress\/wp-content\/uploads\/DSC_0194-2.jpg\"><img aria-describedby=\"caption-attachment-932\" loading=\"lazy\" class=\"wp-image-932 size-medium\" src=\"http:\/\/breuer.selfhost.de\/wordpress\/wp-content\/uploads\/DSC_0194-2-300x199.jpg\" alt=\"DSC_0194 (2)\" width=\"300\" height=\"199\" srcset=\"http:\/\/www.delphin-66.de\/wordpress\/wp-content\/uploads\/DSC_0194-2-300x199.jpg 300w, http:\/\/www.delphin-66.de\/wordpress\/wp-content\/uploads\/DSC_0194-2-800x530.jpg 800w, http:\/\/www.delphin-66.de\/wordpress\/wp-content\/uploads\/DSC_0194-2-453x300.jpg 453w, http:\/\/www.delphin-66.de\/wordpress\/wp-content\/uploads\/DSC_0194-2.jpg 1024w\" sizes=\"(max-width: 300px) 100vw, 300px\" \/><\/a><p id=\"caption-attachment-932\" class=\"wp-caption-text\">Ankern vor Fem\u00f8 (Aug. 2016)<\/p><\/div><div id=\"attachment_933\" style=\"width: 310px\" class=\"wp-caption aligncenter\"><a href=\"http:\/\/breuer.selfhost.de\/wordpress\/wp-content\/uploads\/IMG_0659-1.jpg\"><img aria-describedby=\"caption-attachment-933\" loading=\"lazy\" class=\"wp-image-933 size-medium\" src=\"http:\/\/breuer.selfhost.de\/wordpress\/wp-content\/uploads\/IMG_0659-1-300x225.jpg\" alt=\"IMG_0659\" width=\"300\" height=\"225\" srcset=\"http:\/\/www.delphin-66.de\/wordpress\/wp-content\/uploads\/IMG_0659-1-300x225.jpg 300w, http:\/\/www.delphin-66.de\/wordpress\/wp-content\/uploads\/IMG_0659-1-800x600.jpg 800w, http:\/\/www.delphin-66.de\/wordpress\/wp-content\/uploads\/IMG_0659-1-400x300.jpg 400w, http:\/\/www.delphin-66.de\/wordpress\/wp-content\/uploads\/IMG_0659-1.jpg 1024w\" sizes=\"(max-width: 300px) 100vw, 300px\" \/><\/a><p id=\"caption-attachment-933\" class=\"wp-caption-text\">Im\u00a0Hafen von Wackerballig, Anfang der Saison 2016<\/p><\/div><\/p>\n<p style=\"text-align: center;\"><a href=\"http:\/\/breuer.selfhost.de\/wordpress\/wp-content\/uploads\/IMG_0567.jpg\"><img loading=\"lazy\" class=\"aligncenter wp-image-1116 size-medium\" src=\"http:\/\/breuer.selfhost.de\/wordpress\/wp-content\/uploads\/IMG_0567-300x225.jpg\" alt=\"IMG_0567\" width=\"300\" height=\"225\" srcset=\"http:\/\/www.delphin-66.de\/wordpress\/wp-content\/uploads\/IMG_0567-300x225.jpg 300w, http:\/\/www.delphin-66.de\/wordpress\/wp-content\/uploads\/IMG_0567-800x600.jpg 800w, http:\/\/www.delphin-66.de\/wordpress\/wp-content\/uploads\/IMG_0567-400x300.jpg 400w, http:\/\/www.delphin-66.de\/wordpress\/wp-content\/uploads\/IMG_0567.jpg 1280w\" sizes=\"(max-width: 300px) 100vw, 300px\" \/><\/a><a href=\"http:\/\/breuer.selfhost.de\/wordpress\/wp-content\/uploads\/IMG_0569.jpg\"><img loading=\"lazy\" class=\"aligncenter wp-image-1117 size-medium\" src=\"http:\/\/breuer.selfhost.de\/wordpress\/wp-content\/uploads\/IMG_0569-225x300.jpg\" alt=\"IMG_0569\" width=\"225\" height=\"300\" srcset=\"http:\/\/www.delphin-66.de\/wordpress\/wp-content\/uploads\/IMG_0569-225x300.jpg 225w, http:\/\/www.delphin-66.de\/wordpress\/wp-content\/uploads\/IMG_0569-600x800.jpg 600w, http:\/\/www.delphin-66.de\/wordpress\/wp-content\/uploads\/IMG_0569.jpg 1024w\" sizes=\"(max-width: 225px) 100vw, 225px\" \/><\/a><\/p>\n<\/div>\n<\/div><\/div><\/div><\/div><\/div><\/div>","protected":false},"excerpt":{"rendered":"<p>Baujahr: 1971 Besonderheiten: Bauwerft: Sparr \u00a0 Liegeplatz: Elmshorn\/Marina Minde Verein: SVE Elmshorn Rigg: Alu, gold-eloxiert Motor: Yanmar, 3GM, Zweikreis-K\u00fchlung Ruderanlage: Alternativanlage \u00a0 Wir haben unsere Hanna 2014 im Grunde als Bausatz \u00fcbernommen. Der Voreigner, ein sehr netter Vereinskamerad, hatte seiner &hellip; <a href=\"http:\/\/www.delphin-66.de\/wordpress\/harmonie-baunummer-8-zu-kaufen-2\/\">Weiterlesen <span class=\"meta-nav\">&rarr;<\/span><\/a><\/p>\n","protected":false},"author":1,"featured_media":22,"parent":20,"menu_order":9,"comment_status":"open","ping_status":"closed","template":"","meta":[],"_links":{"self":[{"href":"http:\/\/www.delphin-66.de\/wordpress\/wp-json\/wp\/v2\/pages\/120"}],"collection":[{"href":"http:\/\/www.delphin-66.de\/wordpress\/wp-json\/wp\/v2\/pages"}],"about":[{"href":"http:\/\/www.delphin-66.de\/wordpress\/wp-json\/wp\/v2\/types\/page"}],"author":[{"embeddable":true,"href":"http:\/\/www.delphin-66.de\/wordpress\/wp-json\/wp\/v2\/users\/1"}],"replies":[{"embeddable":true,"href":"http:\/\/www.delphin-66.de\/wordpress\/wp-json\/wp\/v2\/comments?post=120"}],"version-history":[{"count":84,"href":"http:\/\/www.delphin-66.de\/wordpress\/wp-json\/wp\/v2\/pages\/120\/revisions"}],"predecessor-version":[{"id":7053,"href":"http:\/\/www.delphin-66.de\/wordpress\/wp-json\/wp\/v2\/pages\/120\/revisions\/7053"}],"up":[{"embeddable":true,"href":"http:\/\/www.delphin-66.de\/wordpress\/wp-json\/wp\/v2\/pages\/20"}],"wp:featuredmedia":[{"embeddable":true,"href":"http:\/\/www.delphin-66.de\/wordpress\/wp-json\/wp\/v2\/media\/22"}],"wp:attachment":[{"href":"http:\/\/www.delphin-66.de\/wordpress\/wp-json\/wp\/v2\/media?parent=120"}],"curies":[{"name":"wp","href":"https:\/\/api.w.org\/{rel}","templated":true}]}}